{"id":709,"date":"2021-07-08T16:49:50","date_gmt":"2021-07-08T16:49:50","guid":{"rendered":"https:\/\/rcp.blatstudio.com\/?page_id=709"},"modified":"2024-07-10T12:54:01","modified_gmt":"2024-07-10T11:54:01","slug":"quinta-pedagogica","status":"publish","type":"page","link":"https:\/\/realcolegio.pt\/en\/oferta-formativa\/quinta-pedagogica\/","title":{"rendered":"Quinta Pedag\u00f3gica"},"content":{"rendered":"<p>[et_pb_section fb_built=&#8221;1&#8243; _builder_version=&#8221;4.9.4&#8243; _module_preset=&#8221;default&#8221;][et_pb_row column_structure=&#8221;3_5,2_5&#8243; _builder_version=&#8221;4.9.4&#8243; _module_preset=&#8221;default&#8221;][et_pb_column type=&#8221;3_5&#8243; _builder_version=&#8221;4.9.4&#8243; _module_preset=&#8221;default&#8221;][et_pb_text _builder_version=&#8221;4.9.4&#8243; _module_preset=&#8221;default&#8221;]<\/p>\n<p>Compreendendo alguma diversidade de ambientes e experi\u00eancias pedag\u00f3gicas o conceito de <strong>\u201cQuinta Pedag\u00f3gica\u201d<\/strong> tem servido em muitos pa\u00edses desenvolvidos para <strong>qualificar recursos educativos que se fundam na natureza dos meios rurais e no desenvolvimento de atividades agr\u00edcolas<\/strong>. Nas nossas instala\u00e7\u00f5es os nossos alunos e alunas podem ter a oportunidade de desfrutar de uma quinta pedag\u00f3gica.<\/p>\n<p>Ao longo dos anos as quintas pedag\u00f3gicas t\u00eam vindo a assumir uma import\u00e2ncia <strong>constituindo-se como<\/strong> <strong>uma resposta educativa das sociedades modernas<\/strong>, principalmente, em escolas localizadas em territ\u00f3rios urbanos e periurbanos.<\/p>\n<p>Estas pr\u00e1ticas educativas s\u00e3o bastantes comuns em pa\u00edses como a Noruega, o Reino Unido e os EUA que apresentam v\u00e1rios projetos desenvolvidos no \u00e2mbito da <strong>educa\u00e7\u00e3o agroambiental<\/strong> e com excelentes resultados na forma\u00e7\u00e3o dos seus alunos e alunas.<\/p>\n<p>O termo \u201cquinta pedag\u00f3gica\u201d \u00e9 relativamente recente no nosso pa\u00eds e designa os espa\u00e7os educativos que se destinam ao desenvolvimento de atividades agr\u00edcolas com objetivos pedag\u00f3gicos expressos e adequados a um determinado p\u00fablico-alvo.<\/p>\n<p>No Pr\u00e9-Escolar e no 1.\u00ba Ciclo os nossos meninos e meninas deslocam-se uma vez por semana \u00e0 nossa quinta para poderem estar em contacto com os animais, com a natureza e realizarem atividades agr\u00edcolas com fins pedag\u00f3gicos, criando <strong>um ambiente de partilha, intera\u00e7\u00e3o e experi\u00eancias prop\u00edcias ao desenvolvimento dos mais pequenos.<\/strong><\/p>\n<p>Na quinta t\u00eam a possibilidade de vivenciar um ambiente rural, de sair de uma localidade marcada pela agita\u00e7\u00e3o e pelo stress para num lugar tranquilo, onde podem ouvir os sons da natureza e descomprimir e vivenciar uma realidade diferente.\u00a0<\/p>\n<p>A experi\u00eancia interativa constru\u00edda numa quinta pedag\u00f3gica funda-se nas rela\u00e7\u00f5es humanas e entre seres vivos e, por isso est\u00e1 dependente do <strong>equil\u00edbrio de tr\u00eas contextos: f\u00edsico, pessoal e social<\/strong>. Estes fatores s\u00e3o trabalhados no \u00e2mbito da unidade <strong>Clube das Ci\u00eancias<\/strong>. Uma oferta escolar que foi desenvolvida a pensar na intera\u00e7\u00e3o dos mais pequenos com a natureza, promovida atrav\u00e9s da quinta pedag\u00f3gica.\u00a0<\/p>\n<p>[\/et_pb_text][\/et_pb_column][et_pb_column type=&#8221;2_5&#8243; _builder_version=&#8221;4.9.4&#8243; _module_preset=&#8221;default&#8221;][et_pb_slider _builder_version=&#8221;4.9.4&#8243; _module_preset=&#8221;865e815e-05a0-48cd-b108-5cc2494024ee&#8221;][et_pb_slide _builder_version=&#8221;4.9.4&#8243; _module_preset=&#8221;default&#8221; background_image=&#8221;https:\/\/realcolegio.pt\/wp-content\/uploads\/2021\/07\/Quinta-Pedago\u0301gica.jpg&#8221; background_enable_image=&#8221;on&#8221; sticky_transition=&#8221;on&#8221;][\/et_pb_slide][et_pb_slide _builder_version=&#8221;4.9.4&#8243; _module_preset=&#8221;default&#8221; background_image=&#8221;https:\/\/realcolegio.pt\/wp-content\/uploads\/2021\/07\/Quinta-Pedago\u0301gica-1.jpg&#8221; background_enable_image=&#8221;on&#8221; sticky_transition=&#8221;on&#8221;][\/et_pb_slide][et_pb_slide _builder_version=&#8221;4.9.4&#8243; _module_preset=&#8221;default&#8221; background_image=&#8221;https:\/\/realcolegio.pt\/wp-content\/uploads\/2021\/07\/Quinta-Pedago\u0301gica2.jpg&#8221; background_enable_image=&#8221;on&#8221; sticky_transition=&#8221;on&#8221;][\/et_pb_slide][et_pb_slide _builder_version=&#8221;4.9.4&#8243; _module_preset=&#8221;default&#8221; background_image=&#8221;https:\/\/realcolegio.pt\/wp-content\/uploads\/2021\/07\/Quinta-Pedago\u0301gica-3.jpg&#8221; background_enable_image=&#8221;on&#8221; sticky_transition=&#8221;on&#8221;][\/et_pb_slide][\/et_pb_slider][\/et_pb_column][\/et_pb_row][\/et_pb_section]<\/p>\n","protected":false},"excerpt":{"rendered":"<p>[et_pb_section fb_built=&#8221;1&#8243; _builder_version=&#8221;4.9.4&#8243; _module_preset=&#8221;default&#8221;][et_pb_row column_structure=&#8221;3_5,2_5&#8243; _builder_version=&#8221;4.9.4&#8243; _module_preset=&#8221;default&#8221;][et_pb_column type=&#8221;3_5&#8243; _builder_version=&#8221;4.9.4&#8243; _module_preset=&#8221;default&#8221;][et_pb_text _builder_version=&#8221;4.9.4&#8243; _module_preset=&#8221;default&#8221;] Compreendendo alguma diversidade de ambientes e experi\u00eancias pedag\u00f3gicas o conceito de \u201cQuinta Pedag\u00f3gica\u201d tem servido em muitos pa\u00edses [&hellip;]<\/p>\n","protected":false},"author":1,"featured_media":1283,"parent":77,"menu_order":0,"comment_status":"closed","ping_status":"closed","template":"","meta":{"_acf_changed":false,"_et_pb_use_builder":"on","_et_pb_old_content":"","_et_gb_content_width":"","footnotes":""},"class_list":["post-709","page","type-page","status-publish","has-post-thumbnail","hentry"],"acf":[],"_links":{"self":[{"href":"https:\/\/realcolegio.pt\/en\/wp-json\/wp\/v2\/pages\/709","targetHints":{"allow":["GET"]}}],"collection":[{"href":"https:\/\/realcolegio.pt\/en\/wp-json\/wp\/v2\/pages"}],"about":[{"href":"https:\/\/realcolegio.pt\/en\/wp-json\/wp\/v2\/types\/page"}],"author":[{"embeddable":true,"href":"https:\/\/realcolegio.pt\/en\/wp-json\/wp\/v2\/users\/1"}],"replies":[{"embeddable":true,"href":"https:\/\/realcolegio.pt\/en\/wp-json\/wp\/v2\/comments?post=709"}],"version-history":[{"count":8,"href":"https:\/\/realcolegio.pt\/en\/wp-json\/wp\/v2\/pages\/709\/revisions"}],"predecessor-version":[{"id":4984,"href":"https:\/\/realcolegio.pt\/en\/wp-json\/wp\/v2\/pages\/709\/revisions\/4984"}],"up":[{"embeddable":true,"href":"https:\/\/realcolegio.pt\/en\/wp-json\/wp\/v2\/pages\/77"}],"wp:featuredmedia":[{"embeddable":true,"href":"https:\/\/realcolegio.pt\/en\/wp-json\/wp\/v2\/media\/1283"}],"wp:attachment":[{"href":"https:\/\/realcolegio.pt\/en\/wp-json\/wp\/v2\/media?parent=709"}],"curies":[{"name":"wp","href":"https:\/\/api.w.org\/{rel}","templated":true}]}}